{"id":2069,"date":"2023-08-02T17:10:02","date_gmt":"2023-08-02T17:10:02","guid":{"rendered":"https:\/\/cfclinares.es\/?page_id=2069"},"modified":"2023-08-10T08:48:23","modified_gmt":"2023-08-10T08:48:23","slug":"presentacion-del-torneo","status":"publish","type":"page","link":"https:\/\/cfclinares.es\/index.php\/presentacion-del-torneo\/","title":{"rendered":"Presentaci\u00f3n del torneo"},"content":{"rendered":"\t\t<div data-elementor-type=\"wp-page\" data-elementor-id=\"2069\" class=\"elementor elementor-2069\">\n\t\t\t\t\t\t<section class=\"elementor-section elementor-top-section elementor-element elementor-element-4f7bd09 elementor-section-content-middle elementor-section-boxed elementor-section-height-default elementor-section-height-default\" data-id=\"4f7bd09\" data-element_type=\"section\" data-settings=\"{&quot;background_background&quot;:&quot;video&quot;,&quot;background_video_link&quot;:&quot;https:\\\/\\\/youtu.be\\\/LUOIcJ4aEng&quot;,&quot;background_video_start&quot;:20,&quot;background_video_end&quot;:162,&quot;background_play_on_mobile&quot;:&quot;yes&quot;}\">\n\t\t\t\t\t\t\t\t<div class=\"elementor-background-video-container\">\n\t\t\t\t\t\t\t\t\t\t\t\t\t<div class=\"elementor-background-video-embed\"><\/div>\n\t\t\t\t\t\t\t\t\t\t\t\t<\/div>\n\t\t\t\t\t\t\t\t\t<div class=\"elementor-background-overlay\"><\/div>\n\t\t\t\t\t\t\t<div class=\"elementor-container elementor-column-gap-no\">\n\t\t\t\t\t<div class=\"elementor-column elementor-col-100 elementor-top-column elementor-element elementor-element-06de25c\" data-id=\"06de25c\" data-element_type=\"column\">\n\t\t\t<div class=\"elementor-widget-wrap\">\n\t\t\t\t\t\t\t<\/div>\n\t\t<\/div>\n\t\t\t\t\t<\/div>\n\t\t<\/section>\n\t\t\t\t<section class=\"elementor-section elementor-top-section elementor-element elementor-element-s8pn6d0 elementor-section-content-middle elementor-section-boxed elementor-section-height-default elementor-section-height-default\" data-id=\"s8pn6d0\" data-element_type=\"section\" data-settings=\"{&quot;background_background&quot;:&quot;classic&quot;}\">\n\t\t\t\t\t\t\t<div class=\"elementor-background-overlay\"><\/div>\n\t\t\t\t\t\t\t<div class=\"elementor-container elementor-column-gap-no\">\n\t\t\t\t\t<div class=\"elementor-column elementor-col-50 elementor-top-column elementor-element elementor-element-9247ec0\" data-id=\"9247ec0\" data-element_type=\"column\">\n\t\t\t<div class=\"elementor-widget-wrap elementor-element-populated\">\n\t\t\t\t\t\t<div class=\"elementor-element elementor-element-8e06dae elementor-widget elementor-widget-heading\" data-id=\"8e06dae\" data-element_type=\"widget\" data-widget_type=\"heading.default\">\n\t\t\t\t<div class=\"elementor-widget-container\">\n\t\t\t\t\t<h6 class=\"elementor-heading-title elementor-size-default\">TORNEO INTERNACIONAL ALEV\u00cdN \"CIUDAD DE LINARES\"<br>1\u00aa EDICI\u00d3N - DICIEMBRE 2022<\/h6>\t\t\t\t<\/div>\n\t\t\t\t<\/div>\n\t\t\t\t<div class=\"elementor-element elementor-element-f003f55 elementor-widget elementor-widget-heading\" data-id=\"f003f55\" data-element_type=\"widget\" data-widget_type=\"heading.default\">\n\t\t\t\t<div class=\"elementor-widget-container\">\n\t\t\t\t\t<h2 class=\"elementor-heading-title elementor-size-default\">Presentaci\u00f3n del Torneo Internacional Alev\u00edn \"Ciudad de Linares\"<\/h2>\t\t\t\t<\/div>\n\t\t\t\t<\/div>\n\t\t\t\t<div class=\"elementor-element elementor-element-81f4090 elementor-widget__width-initial elementor-widget elementor-widget-video\" data-id=\"81f4090\" data-element_type=\"widget\" data-settings=\"{&quot;youtube_url&quot;:&quot;https:\\\/\\\/youtu.be\\\/LUOIcJ4aEng&quot;,&quot;video_type&quot;:&quot;youtube&quot;,&quot;controls&quot;:&quot;yes&quot;}\" data-widget_type=\"video.default\">\n\t\t\t\t<div class=\"elementor-widget-container\">\n\t\t\t\t\t\t\t<div class=\"elementor-wrapper elementor-open-inline\">\n\t\t\t<div class=\"elementor-video\"><\/div>\t\t<\/div>\n\t\t\t\t\t\t<\/div>\n\t\t\t\t<\/div>\n\t\t\t\t<div class=\"elementor-element elementor-element-aba5f59 elementor-widget elementor-widget-text-editor\" data-id=\"aba5f59\" data-element_type=\"widget\" data-widget_type=\"text-editor.default\">\n\t\t\t\t<div class=\"elementor-widget-container\">\n\t\t\t\t\t\t\t\t\t<p>El <b>1 de diciembre de 2022<\/b>, en la sala de exposiciones temporales y congresos de <b>\u00abEl p\u00f3sito\u00bb, en Linares<\/b>, se present\u00f3 ante los medios el Torneo Internacional \u00abCiudad de Linares\u00bb. El alcalde, <b>Javier Perales<\/b>, y la concejala de deportes del Excmo. Ayuntamiento de Linares, I<b>sabel Mar\u00eda Baus\u00e1n<\/b>, junto a <b>David Rus, Javi Quesada y Ra\u00fal Guti\u00e9rrez, organizadores del torneo<\/b>, conformaron la <b>mesa que desgran\u00f3 los detalles de este importante evento deportivo<\/b> que, durante los d\u00edas <b>17 y 18 de diciembre, ubicar\u00eda\u00a0 Linares como epicentro del f\u00fatbol base nacional e internacional<\/b>.<\/p>\t\t\t\t\t\t\t\t<\/div>\n\t\t\t\t<\/div>\n\t\t\t\t\t<\/div>\n\t\t<\/div>\n\t\t\t\t<div class=\"elementor-column elementor-col-50 elementor-top-column elementor-element elementor-element-3bcc9c8\" data-id=\"3bcc9c8\" data-element_type=\"column\">\n\t\t\t<div class=\"elementor-widget-wrap elementor-element-populated\">\n\t\t\t\t\t\t<div class=\"elementor-element elementor-element-9df2701 elementor-widget elementor-widget-heading\" data-id=\"9df2701\" data-element_type=\"widget\" data-widget_type=\"heading.default\">\n\t\t\t\t<div class=\"elementor-widget-container\">\n\t\t\t\t\t<h3 class=\"elementor-heading-title elementor-size-default\">Importantes canteras nacionales e internacionales<\/h3>\t\t\t\t<\/div>\n\t\t\t\t<\/div>\n\t\t\t\t<div class=\"elementor-element elementor-element-d2d69e7 elementor-widget elementor-widget-image\" data-id=\"d2d69e7\" data-element_type=\"widget\" data-widget_type=\"image.default\">\n\t\t\t\t<div class=\"elementor-widget-container\">\n\t\t\t\t\t\t\t\t\t\t\t\t\t\t\t<img fetchpriority=\"high\" decoding=\"async\" width=\"979\" height=\"756\" src=\"https:\/\/cfclinares.es\/wp-content\/uploads\/2023\/07\/presentacion.png\" class=\"attachment-full size-full wp-image-2021\" alt=\"\" srcset=\"https:\/\/cfclinares.es\/wp-content\/uploads\/2023\/07\/presentacion.png 979w, https:\/\/cfclinares.es\/wp-content\/uploads\/2023\/07\/presentacion-300x232.png 300w, https:\/\/cfclinares.es\/wp-content\/uploads\/2023\/07\/presentacion-768x593.png 768w\" sizes=\"(max-width: 979px) 100vw, 979px\" \/>\t\t\t\t\t\t\t\t\t\t\t\t\t\t\t<\/div>\n\t\t\t\t<\/div>\n\t\t\t\t<div class=\"elementor-element elementor-element-f745b20 elementor-widget elementor-widget-text-editor\" data-id=\"f745b20\" data-element_type=\"widget\" data-widget_type=\"text-editor.default\">\n\t\t\t\t<div class=\"elementor-widget-container\">\n\t\t\t\t\t\t\t\t\t<p>Fueron <b>16 los clubs que participaron en el torneo<\/b>. Entre ellos, canteras internacionales tan relevantes como la del <b>Paris Saint-Germain o Sporting Club de Portugal<\/b>. Adem\u00e1s, canteras nacionales tan importantes como la del <b>Atl\u00e9tico de Madrid, Atl\u00e9tico de Bilbao, Villarreal, Sevilla, Betis o M\u00e1laga.<\/b><\/p>\t\t\t\t\t\t\t\t<\/div>\n\t\t\t\t<\/div>\n\t\t\t\t\t<\/div>\n\t\t<\/div>\n\t\t\t\t\t<\/div>\n\t\t<\/section>\n\t\t\t\t<section class=\"elementor-section elementor-top-section elementor-element elementor-element-80rzi0v elementor-section-content-middle elementor-section-boxed elementor-section-height-default elementor-section-height-default\" data-id=\"80rzi0v\" data-element_type=\"section\" data-settings=\"{&quot;background_background&quot;:&quot;classic&quot;}\">\n\t\t\t\t\t\t<div class=\"elementor-container elementor-column-gap-default\">\n\t\t\t\t\t<div class=\"elementor-column elementor-col-50 elementor-top-column elementor-element elementor-element-3fa9368\" data-id=\"3fa9368\" data-element_type=\"column\">\n\t\t\t<div class=\"elementor-widget-wrap elementor-element-populated\">\n\t\t\t\t\t\t<div class=\"elementor-element elementor-element-87fe8ad elementor-widget elementor-widget-image\" data-id=\"87fe8ad\" data-element_type=\"widget\" data-widget_type=\"image.default\">\n\t\t\t\t<div class=\"elementor-widget-container\">\n\t\t\t\t\t\t\t\t\t\t\t\t\t\t\t<img decoding=\"async\" width=\"1810\" height=\"2560\" src=\"https:\/\/cfclinares.es\/wp-content\/uploads\/2023\/08\/CARTEL-TORNEO-INTERNACIONAL-CIUDAD-DE-LINARES-min-scaled.jpg\" class=\"attachment-full size-full wp-image-2072\" alt=\"\" srcset=\"https:\/\/cfclinares.es\/wp-content\/uploads\/2023\/08\/CARTEL-TORNEO-INTERNACIONAL-CIUDAD-DE-LINARES-min-scaled.jpg 1810w, https:\/\/cfclinares.es\/wp-content\/uploads\/2023\/08\/CARTEL-TORNEO-INTERNACIONAL-CIUDAD-DE-LINARES-min-212x300.jpg 212w, https:\/\/cfclinares.es\/wp-content\/uploads\/2023\/08\/CARTEL-TORNEO-INTERNACIONAL-CIUDAD-DE-LINARES-min-724x1024.jpg 724w, https:\/\/cfclinares.es\/wp-content\/uploads\/2023\/08\/CARTEL-TORNEO-INTERNACIONAL-CIUDAD-DE-LINARES-min-768x1086.jpg 768w, https:\/\/cfclinares.es\/wp-content\/uploads\/2023\/08\/CARTEL-TORNEO-INTERNACIONAL-CIUDAD-DE-LINARES-min-1086x1536.jpg 1086w, https:\/\/cfclinares.es\/wp-content\/uploads\/2023\/08\/CARTEL-TORNEO-INTERNACIONAL-CIUDAD-DE-LINARES-min-1448x2048.jpg 1448w\" sizes=\"(max-width: 1810px) 100vw, 1810px\" \/>\t\t\t\t\t\t\t\t\t\t\t\t\t\t\t<\/div>\n\t\t\t\t<\/div>\n\t\t\t\t\t<\/div>\n\t\t<\/div>\n\t\t\t\t<div class=\"elementor-column elementor-col-50 elementor-top-column elementor-element elementor-element-f116529\" data-id=\"f116529\" data-element_type=\"column\">\n\t\t\t<div class=\"elementor-widget-wrap elementor-element-populated\">\n\t\t\t\t\t\t<div class=\"elementor-element elementor-element-24ea06a elementor-widget elementor-widget-heading\" data-id=\"24ea06a\" data-element_type=\"widget\" data-widget_type=\"heading.default\">\n\t\t\t\t<div class=\"elementor-widget-container\">\n\t\t\t\t\t<h2 class=\"elementor-heading-title elementor-size-default\">Linares: pasado, presente y futuro.<\/h2>\t\t\t\t<\/div>\n\t\t\t\t<\/div>\n\t\t\t\t<div class=\"elementor-element elementor-element-fa21e90 elementor-widget elementor-widget-text-editor\" data-id=\"fa21e90\" data-element_type=\"widget\" data-widget_type=\"text-editor.default\">\n\t\t\t\t<div class=\"elementor-widget-container\">\n\t\t\t\t\t\t\t\t\t<p><span style=\"font-style: inherit; font-weight: inherit; color: var( --e-global-color-astglobalcolor5 ); background-color: var( --e-global-color-text );\">En el acto, adem\u00e1s de presentarse el cartel del torneo, <\/span><b style=\"font-style: inherit; color: var( --e-global-color-astglobalcolor5 ); background-color: var( --e-global-color-text );\">se pudieron visualizar varias proyecciones<\/b><span style=\"font-style: inherit; font-weight: inherit; color: var( --e-global-color-astglobalcolor5 ); background-color: var( --e-global-color-text );\">, desarrolladas por la productora<\/span><span style=\"font-style: inherit; font-weight: inherit; background-color: var( --e-global-color-text );\"><a style=\"color: #ffffff;\" href=\"https:\/\/www.fiveoclockproducciones.com\/\" target=\"_blank\" rel=\"noopener\"> Five O&#8217;clock producciones<\/a><\/span><span style=\"font-style: inherit; font-weight: inherit; color: var( --e-global-color-astglobalcolor5 ); background-color: var( --e-global-color-text );\">, cuyo hilo conductor fue <\/span><b style=\"font-style: inherit; color: var( --e-global-color-astglobalcolor5 ); background-color: var( --e-global-color-text );\">Linares, ciudad con pasado, presente y futuro<\/b><span style=\"font-style: inherit; font-weight: inherit; color: var( --e-global-color-astglobalcolor5 ); background-color: var( --e-global-color-text );\">. Antes de terminar, Javier Perales e Isabel Baus\u00e1n tuvieron el honor de <\/span><b style=\"font-style: inherit; color: var( --e-global-color-astglobalcolor5 ); background-color: var( --e-global-color-text );\">descubrir el trofeo para el ganador, dise\u00f1ado y fabricado por la empresa local CAF Santana<\/b><span style=\"font-style: inherit; font-weight: inherit; color: var( --e-global-color-astglobalcolor5 ); background-color: var( --e-global-color-text );\">, que hab\u00eda estado oculto en una caja ante la mesa de los ponentes durante el acto.<\/span><\/p>\t\t\t\t\t\t\t\t<\/div>\n\t\t\t\t<\/div>\n\t\t\t\t<div class=\"elementor-element elementor-element-f778a36 elementor-widget__width-initial elementor-widget elementor-widget-video\" data-id=\"f778a36\" data-element_type=\"widget\" data-settings=\"{&quot;youtube_url&quot;:&quot;https:\\\/\\\/youtu.be\\\/BiSHbznRc5o&quot;,&quot;video_type&quot;:&quot;youtube&quot;,&quot;controls&quot;:&quot;yes&quot;}\" data-widget_type=\"video.default\">\n\t\t\t\t<div class=\"elementor-widget-container\">\n\t\t\t\t\t\t\t<div class=\"elementor-wrapper elementor-open-inline\">\n\t\t\t<div class=\"elementor-video\"><\/div>\t\t<\/div>\n\t\t\t\t\t\t<\/div>\n\t\t\t\t<\/div>\n\t\t\t\t\t<\/div>\n\t\t<\/div>\n\t\t\t\t\t<\/div>\n\t\t<\/section>\n\t\t\t\t<section class=\"elementor-section elementor-top-section elementor-element elementor-element-bulna0u elementor-section-content-middle elementor-section-boxed elementor-section-height-default elementor-section-height-default\" data-id=\"bulna0u\" data-element_type=\"section\" data-settings=\"{&quot;background_background&quot;:&quot;classic&quot;}\">\n\t\t\t\t\t\t\t<div class=\"elementor-background-overlay\"><\/div>\n\t\t\t\t\t\t\t<div class=\"elementor-container elementor-column-gap-no\">\n\t\t\t\t\t<div class=\"elementor-column elementor-col-50 elementor-top-column elementor-element elementor-element-957c1a9\" data-id=\"957c1a9\" data-element_type=\"column\">\n\t\t\t<div class=\"elementor-widget-wrap elementor-element-populated\">\n\t\t\t\t\t\t<div class=\"elementor-element elementor-element-78d6eec elementor-widget elementor-widget-heading\" data-id=\"78d6eec\" data-element_type=\"widget\" data-widget_type=\"heading.default\">\n\t\t\t\t<div class=\"elementor-widget-container\">\n\t\t\t\t\t<h5 class=\"elementor-heading-title elementor-size-default\">\u00bfQU\u00c9 OCURRI\u00d3 DESPU\u00e9S?<\/h5>\t\t\t\t<\/div>\n\t\t\t\t<\/div>\n\t\t\t\t<div class=\"elementor-element elementor-element-0806230 elementor-widget elementor-widget-heading\" data-id=\"0806230\" data-element_type=\"widget\" data-widget_type=\"heading.default\">\n\t\t\t\t<div class=\"elementor-widget-container\">\n\t\t\t\t\t<h2 class=\"elementor-heading-title elementor-size-default\">Sorteo de grupos<\/h2>\t\t\t\t<\/div>\n\t\t\t\t<\/div>\n\t\t\t\t<div class=\"elementor-element elementor-element-27a622b elementor-widget elementor-widget-text-editor\" data-id=\"27a622b\" data-element_type=\"widget\" data-widget_type=\"text-editor.default\">\n\t\t\t\t<div class=\"elementor-widget-container\">\n\t\t\t\t\t\t\t\t\t<p>El d\u00eda\u00a0<strong>5 de diciembre<\/strong>\u00a0se realiz\u00f3 el\u00a0<strong>sorteo<\/strong> por medio del cual se <strong>encuadr\u00f3 a los 16 equipos. participantes en los grupos A, B, C y D<\/strong>, quedando de este modo listos los emparejamientos para las tres jornadas de la fase de grupos y los cruces desde cuartos hasta la gran final. <b>El sorteo se emiti\u00f3 en riguroso directo por las redes sociales del club<\/b>.<\/p>\t\t\t\t\t\t\t\t<\/div>\n\t\t\t\t<\/div>\n\t\t\t\t<div class=\"elementor-element elementor-element-c5e9c49 elementor-widget elementor-widget-button\" data-id=\"c5e9c49\" data-element_type=\"widget\" data-widget_type=\"button.default\">\n\t\t\t\t<div class=\"elementor-widget-container\">\n\t\t\t\t\t\t\t\t\t<div class=\"elementor-button-wrapper\">\n\t\t\t\t\t<a class=\"elementor-button elementor-button-link elementor-size-sm\" href=\"https:\/\/cfclinares.es\/index.php\/sorteo-de-grupos\/\">\n\t\t\t\t\t\t<span class=\"elementor-button-content-wrapper\">\n\t\t\t\t\t\t<span class=\"elementor-button-icon\">\n\t\t\t\t<i aria-hidden=\"true\" class=\"far fa-futbol\"><\/i>\t\t\t<\/span>\n\t\t\t\t\t\t\t\t\t<span class=\"elementor-button-text\">+ info<\/span>\n\t\t\t\t\t<\/span>\n\t\t\t\t\t<\/a>\n\t\t\t\t<\/div>\n\t\t\t\t\t\t\t\t<\/div>\n\t\t\t\t<\/div>\n\t\t\t\t\t<\/div>\n\t\t<\/div>\n\t\t\t\t<div class=\"elementor-column elementor-col-50 elementor-top-column elementor-element elementor-element-75109e3\" data-id=\"75109e3\" data-element_type=\"column\">\n\t\t\t<div class=\"elementor-widget-wrap elementor-element-populated\">\n\t\t\t\t\t\t<div class=\"elementor-element elementor-element-fd47f1d elementor-widget elementor-widget-image\" data-id=\"fd47f1d\" data-element_type=\"widget\" data-widget_type=\"image.default\">\n\t\t\t\t<div class=\"elementor-widget-container\">\n\t\t\t\t\t\t\t\t\t\t\t\t\t\t\t<img decoding=\"async\" width=\"866\" height=\"566\" src=\"https:\/\/cfclinares.es\/wp-content\/uploads\/2023\/07\/sorteo-equipos.png\" class=\"attachment-full size-full wp-image-2022\" alt=\"\" srcset=\"https:\/\/cfclinares.es\/wp-content\/uploads\/2023\/07\/sorteo-equipos.png 866w, https:\/\/cfclinares.es\/wp-content\/uploads\/2023\/07\/sorteo-equipos-300x196.png 300w, https:\/\/cfclinares.es\/wp-content\/uploads\/2023\/07\/sorteo-equipos-768x502.png 768w\" sizes=\"(max-width: 866px) 100vw, 866px\" \/>\t\t\t\t\t\t\t\t\t\t\t\t\t\t\t<\/div>\n\t\t\t\t<\/div>\n\t\t\t\t\t<\/div>\n\t\t<\/div>\n\t\t\t\t\t<\/div>\n\t\t<\/section>\n\t\t\t\t<\/div>\n\t\t","protected":false},"excerpt":{"rendered":"<p>TORNEO INTERNACIONAL ALEV\u00cdN \u00abCIUDAD DE LINARES\u00bb1\u00aa EDICI\u00d3N &#8211; DICIEMBRE 2022 Presentaci\u00f3n del Torneo Internacional Alev\u00edn \u00abCiudad de Linares\u00bb https:\/\/youtu.be\/LUOIcJ4aEng El 1 de diciembre de 2022, en la sala de exposiciones temporales y congresos de \u00abEl p\u00f3sito\u00bb, en Linares, se present\u00f3 ante los medios el Torneo Internacional \u00abCiudad de Linares\u00bb. El alcalde, Javier Perales, y la &hellip;<\/p>\n<p class=\"read-more\"> <a class=\"\" href=\"https:\/\/cfclinares.es\/index.php\/presentacion-del-torneo\/\"> <span class=\"screen-reader-text\">Presentaci\u00f3n del torneo<\/span> Leer m\u00e1s &raquo;<\/a><\/p>\n","protected":false},"author":1,"featured_media":0,"parent":0,"menu_order":0,"comment_status":"closed","ping_status":"closed","template":"","meta":{"site-sidebar-layout":"no-sidebar","site-content-layout":"page-builder","ast-site-content-layout":"","site-content-style":"default","site-sidebar-style":"default","ast-global-header-display":"","ast-banner-title-visibility":"","ast-main-header-display":"","ast-hfb-above-header-display":"","ast-hfb-below-header-display":"","ast-hfb-mobile-header-display":"","site-post-title":"disabled","ast-breadcrumbs-content":"","ast-featured-img":"disabled","footer-sml-layout":"","theme-transparent-header-meta":"","adv-header-id-meta":"","stick-header-meta":"","header-above-stick-meta":"","header-main-stick-meta":"","header-below-stick-meta":"","astra-migrate-meta-layouts":"default","ast-page-background-enabled":"default","ast-page-background-meta":{"desktop":{"background-color":"","background-image":"","background-repeat":"repeat","background-position":"center center","background-size":"auto","background-attachment":"scroll","background-type":"","background-media":"","overlay-type":"","overlay-color":"","overlay-gradient":""},"tablet":{"background-color":"","background-image":"","background-repeat":"repeat","background-position":"center center","background-size":"auto","background-attachment":"scroll","background-type":"","background-media":"","overlay-type":"","overlay-color":"","overlay-gradient":""},"mobile":{"background-color":"","background-image":"","background-repeat":"repeat","background-position":"center center","background-size":"auto","background-attachment":"scroll","background-type":"","background-media":"","overlay-type":"","overlay-color":"","overlay-gradient":""}},"ast-content-background-meta":{"desktop":{"background-color":"var(--ast-global-color-5)","background-image":"","background-repeat":"repeat","background-position":"center center","background-size":"auto","background-attachment":"scroll","background-type":"","background-media":"","overlay-type":"","overlay-color":"","overlay-gradient":""},"tablet":{"background-color":"var(--ast-global-color-5)","background-image":"","background-repeat":"repeat","background-position":"center center","background-size":"auto","background-attachment":"scroll","background-type":"","background-media":"","overlay-type":"","overlay-color":"","overlay-gradient":""},"mobile":{"background-color":"var(--ast-global-color-5)","background-image":"","background-repeat":"repeat","background-position":"center center","background-size":"auto","background-attachment":"scroll","background-type":"","background-media":"","overlay-type":"","overlay-color":"","overlay-gradient":""}},"footnotes":""},"class_list":["post-2069","page","type-page","status-publish","hentry"],"_links":{"self":[{"href":"https:\/\/cfclinares.es\/index.php\/wp-json\/wp\/v2\/pages\/2069","targetHints":{"allow":["GET"]}}],"collection":[{"href":"https:\/\/cfclinares.es\/index.php\/wp-json\/wp\/v2\/pages"}],"about":[{"href":"https:\/\/cfclinares.es\/index.php\/wp-json\/wp\/v2\/types\/page"}],"author":[{"embeddable":true,"href":"https:\/\/cfclinares.es\/index.php\/wp-json\/wp\/v2\/users\/1"}],"replies":[{"embeddable":true,"href":"https:\/\/cfclinares.es\/index.php\/wp-json\/wp\/v2\/comments?post=2069"}],"version-history":[{"count":37,"href":"https:\/\/cfclinares.es\/index.php\/wp-json\/wp\/v2\/pages\/2069\/revisions"}],"predecessor-version":[{"id":2810,"href":"https:\/\/cfclinares.es\/index.php\/wp-json\/wp\/v2\/pages\/2069\/revisions\/2810"}],"wp:attachment":[{"href":"https:\/\/cfclinares.es\/index.php\/wp-json\/wp\/v2\/media?parent=2069"}],"curies":[{"name":"wp","href":"https:\/\/api.w.org\/{rel}","templated":true}]}}